{"id":26,"date":"2024-04-15T13:13:12","date_gmt":"2024-04-15T13:13:12","guid":{"rendered":"http:\/\/siedlergemeinschaft-cappeln.de\/?page_id=26"},"modified":"2025-04-20T09:55:50","modified_gmt":"2025-04-20T09:55:50","slug":"siedlergemeinschaft-cappeln","status":"publish","type":"page","link":"http:\/\/siedlergemeinschaft-cappeln.de\/","title":{"rendered":"Siedlergemeinschaft Cappeln"},"content":{"rendered":"\t\t<div data-elementor-type=\"wp-page\" data-elementor-id=\"26\" class=\"elementor elementor-26\" data-elementor-settings=\"{&quot;ha_cmc_init_switcher&quot;:&quot;no&quot;}\">\n\t\t\t\t<div class=\"elementor-element elementor-element-632ba7e e-flex e-con-boxed wpr-particle-no wpr-jarallax-no wpr-parallax-no wpr-sticky-section-no wpr-equal-height-no e-con e-parent\" data-id=\"632ba7e\" data-element_type=\"container\" data-e-type=\"container\" data-settings=\"{&quot;_ha_eqh_enable&quot;:false}\">\n\t\t\t\t\t<div class=\"e-con-inner\">\n\t\t\t\t<div class=\"elementor-element elementor-element-e1149a6 elementor-widget elementor-widget-heading\" data-id=\"e1149a6\" data-element_type=\"widget\" data-e-type=\"widget\" data-widget_type=\"heading.default\">\n\t\t\t\t<div class=\"elementor-widget-container\">\n\t\t\t\t\t<h2 class=\"elementor-heading-title elementor-size-default\">Veranstaltungen<\/h2>\t\t\t\t<\/div>\n\t\t\t\t<\/div>\n\t\t\t\t\t<\/div>\n\t\t\t\t<\/div>\n\t\t<div class=\"elementor-element elementor-element-1f7c7c2 e-flex e-con-boxed wpr-particle-no wpr-jarallax-no wpr-parallax-no wpr-sticky-section-no wpr-equal-height-no e-con e-parent\" data-id=\"1f7c7c2\" data-element_type=\"container\" data-e-type=\"container\" data-settings=\"{&quot;_ha_eqh_enable&quot;:false}\">\n\t\t\t\t\t<div class=\"e-con-inner\">\n\t\t<div class=\"elementor-element elementor-element-3382b82 e-con-full e-flex wpr-particle-no wpr-jarallax-no wpr-parallax-no wpr-sticky-section-no wpr-equal-height-no e-con e-child\" data-id=\"3382b82\" data-element_type=\"container\" data-e-type=\"container\" data-settings=\"{&quot;_ha_eqh_enable&quot;:false}\">\n\t\t\t\t<div class=\"elementor-element elementor-element-c9e1319 elementor-widget elementor-widget-image\" data-id=\"c9e1319\" data-element_type=\"widget\" data-e-type=\"widget\" data-widget_type=\"image.default\">\n\t\t\t\t<div class=\"elementor-widget-container\">\n\t\t\t\t\t\t\t\t\t\t\t\t\t\t\t\t<a href=\"http:\/\/siedlergemeinschaft-cappeln.de\/?page_id=44\">\n\t\t\t\t\t\t\t<img fetchpriority=\"high\" decoding=\"async\" width=\"221\" height=\"300\" src=\"http:\/\/siedlergemeinschaft-cappeln.de\/wp-content\/uploads\/2025\/04\/WhatsApp-Image-2025-04-20-at-10.37.27-1-221x300.jpeg\" class=\"attachment-medium size-medium wp-image-288\" alt=\"\" srcset=\"http:\/\/siedlergemeinschaft-cappeln.de\/wp-content\/uploads\/2025\/04\/WhatsApp-Image-2025-04-20-at-10.37.27-1-221x300.jpeg 221w, http:\/\/siedlergemeinschaft-cappeln.de\/wp-content\/uploads\/2025\/04\/WhatsApp-Image-2025-04-20-at-10.37.27-1-754x1024.jpeg 754w, http:\/\/siedlergemeinschaft-cappeln.de\/wp-content\/uploads\/2025\/04\/WhatsApp-Image-2025-04-20-at-10.37.27-1-768x1042.jpeg 768w, http:\/\/siedlergemeinschaft-cappeln.de\/wp-content\/uploads\/2025\/04\/WhatsApp-Image-2025-04-20-at-10.37.27-1-1132x1536.jpeg 1132w, http:\/\/siedlergemeinschaft-cappeln.de\/wp-content\/uploads\/2025\/04\/WhatsApp-Image-2025-04-20-at-10.37.27-1-1509x2048.jpeg 1509w, http:\/\/siedlergemeinschaft-cappeln.de\/wp-content\/uploads\/2025\/04\/WhatsApp-Image-2025-04-20-at-10.37.27-1-scaled.jpeg 1886w\" sizes=\"(max-width: 221px) 100vw, 221px\" \/>\t\t\t\t\t\t\t\t<\/a>\n\t\t\t\t\t\t\t\t\t\t\t\t\t\t\t<\/div>\n\t\t\t\t<\/div>\n\t\t\t\t<\/div>\n\t\t<div class=\"elementor-element elementor-element-ccc276f e-con-full e-flex wpr-particle-no wpr-jarallax-no wpr-parallax-no wpr-sticky-section-no wpr-equal-height-no e-con e-child\" data-id=\"ccc276f\" data-element_type=\"container\" data-e-type=\"container\" data-settings=\"{&quot;_ha_eqh_enable&quot;:false}\">\n\t\t\t\t<div class=\"elementor-element elementor-element-631d39e elementor-widget elementor-widget-image\" data-id=\"631d39e\" data-element_type=\"widget\" data-e-type=\"widget\" data-widget_type=\"image.default\">\n\t\t\t\t<div class=\"elementor-widget-container\">\n\t\t\t\t\t\t\t\t\t\t\t\t\t\t\t<img decoding=\"async\" width=\"750\" height=\"573\" src=\"http:\/\/siedlergemeinschaft-cappeln.de\/wp-content\/uploads\/2025\/04\/stadradelnscreenshot-1024x782.jpg\" class=\"attachment-large size-large wp-image-321\" alt=\"\" srcset=\"http:\/\/siedlergemeinschaft-cappeln.de\/wp-content\/uploads\/2025\/04\/stadradelnscreenshot-1024x782.jpg 1024w, http:\/\/siedlergemeinschaft-cappeln.de\/wp-content\/uploads\/2025\/04\/stadradelnscreenshot-300x229.jpg 300w, http:\/\/siedlergemeinschaft-cappeln.de\/wp-content\/uploads\/2025\/04\/stadradelnscreenshot-768x587.jpg 768w, http:\/\/siedlergemeinschaft-cappeln.de\/wp-content\/uploads\/2025\/04\/stadradelnscreenshot-1536x1174.jpg 1536w, http:\/\/siedlergemeinschaft-cappeln.de\/wp-content\/uploads\/2025\/04\/stadradelnscreenshot.jpg 1661w\" sizes=\"(max-width: 750px) 100vw, 750px\" \/>\t\t\t\t\t\t\t\t\t\t\t\t\t\t\t<\/div>\n\t\t\t\t<\/div>\n\t\t\t\t<\/div>\n\t\t<div class=\"elementor-element elementor-element-864c8bc e-con-full e-flex wpr-particle-no wpr-jarallax-no wpr-parallax-no wpr-sticky-section-no wpr-equal-height-no e-con e-child\" data-id=\"864c8bc\" data-element_type=\"container\" data-e-type=\"container\" data-settings=\"{&quot;_ha_eqh_enable&quot;:false}\">\n\t\t\t\t<div class=\"elementor-element elementor-element-f18b016 elementor-widget elementor-widget-image\" data-id=\"f18b016\" data-element_type=\"widget\" data-e-type=\"widget\" data-widget_type=\"image.default\">\n\t\t\t\t<div class=\"elementor-widget-container\">\n\t\t\t\t\t\t\t\t\t\t\t\t\t\t\t<img decoding=\"async\" width=\"750\" height=\"750\" src=\"http:\/\/siedlergemeinschaft-cappeln.de\/wp-content\/uploads\/2025\/04\/Unbenannt-1.jpg\" class=\"attachment-large size-large wp-image-285\" alt=\"\" srcset=\"http:\/\/siedlergemeinschaft-cappeln.de\/wp-content\/uploads\/2025\/04\/Unbenannt-1.jpg 1000w, http:\/\/siedlergemeinschaft-cappeln.de\/wp-content\/uploads\/2025\/04\/Unbenannt-1-300x300.jpg 300w, http:\/\/siedlergemeinschaft-cappeln.de\/wp-content\/uploads\/2025\/04\/Unbenannt-1-150x150.jpg 150w, http:\/\/siedlergemeinschaft-cappeln.de\/wp-content\/uploads\/2025\/04\/Unbenannt-1-768x768.jpg 768w\" sizes=\"(max-width: 750px) 100vw, 750px\" \/>\t\t\t\t\t\t\t\t\t\t\t\t\t\t\t<\/div>\n\t\t\t\t<\/div>\n\t\t\t\t<\/div>\n\t\t<div class=\"elementor-element elementor-element-8db6f07 e-con-full e-flex wpr-particle-no wpr-jarallax-no wpr-parallax-no wpr-sticky-section-no wpr-equal-height-no e-con e-child\" data-id=\"8db6f07\" data-element_type=\"container\" data-e-type=\"container\" data-settings=\"{&quot;_ha_eqh_enable&quot;:false}\">\n\t\t\t\t<div class=\"elementor-element elementor-element-0791b22 elementor-widget elementor-widget-text-editor\" data-id=\"0791b22\" data-element_type=\"widget\" data-e-type=\"widget\" data-widget_type=\"text-editor.default\">\n\t\t\t\t<div class=\"elementor-widget-container\">\n\t\t\t\t\t\t\t\t\t<p>STADTRADELN &#8211; Radeln f\u00fcr ein gutes Klima\u00a0<\/p><p>Beim Wettbewerb STADTRADELN trittst du 21 Tage in die Pedale f\u00fcr mehr Radf\u00f6rderung, Klimaschutz und Lebensqualit\u00e4t in deiner Kommune.\u00a0<\/p><p><a href=\"https:\/\/www.stadtradeln.de\/index.php?id=171&amp;L=0&amp;team_preselect=14404\">STADTRADELN<\/a><\/p>\t\t\t\t\t\t\t\t<\/div>\n\t\t\t\t<\/div>\n\t\t\t\t<\/div>\n\t\t\t\t\t<\/div>\n\t\t\t\t<\/div>\n\t\t<div class=\"elementor-element elementor-element-2571b41 e-flex e-con-boxed wpr-particle-no wpr-jarallax-no wpr-parallax-no wpr-sticky-section-no wpr-equal-height-no e-con e-parent\" data-id=\"2571b41\" data-element_type=\"container\" data-e-type=\"container\" data-settings=\"{&quot;_ha_eqh_enable&quot;:false}\">\n\t\t\t\t\t<div class=\"e-con-inner\">\n\t\t\t\t<div class=\"elementor-element elementor-element-5f71536 elementor-widget elementor-widget-heading\" data-id=\"5f71536\" data-element_type=\"widget\" data-e-type=\"widget\" data-widget_type=\"heading.default\">\n\t\t\t\t<div class=\"elementor-widget-container\">\n\t\t\t\t\t<h2 class=\"elementor-heading-title elementor-size-default\">Generalversammlung Siedler Cappeln <\/h2>\t\t\t\t<\/div>\n\t\t\t\t<\/div>\n\t\t\t\t\t<\/div>\n\t\t\t\t<\/div>\n\t\t<div class=\"elementor-element elementor-element-fefb2fe e-grid e-con-boxed wpr-particle-no wpr-jarallax-no wpr-parallax-no wpr-sticky-section-no wpr-equal-height-no e-con e-parent\" data-id=\"fefb2fe\" data-element_type=\"container\" data-e-type=\"container\" data-settings=\"{&quot;_ha_eqh_enable&quot;:false}\">\n\t\t\t\t\t<div class=\"e-con-inner\">\n\t\t\t\t<div class=\"elementor-element elementor-element-edfd7d2 elementor-widget elementor-widget-image\" data-id=\"edfd7d2\" data-element_type=\"widget\" data-e-type=\"widget\" data-widget_type=\"image.default\">\n\t\t\t\t<div class=\"elementor-widget-container\">\n\t\t\t\t\t\t\t\t\t\t\t\t\t\t\t<img loading=\"lazy\" decoding=\"async\" width=\"225\" height=\"300\" src=\"http:\/\/siedlergemeinschaft-cappeln.de\/wp-content\/uploads\/2025\/04\/WhatsApp-Image-2025-04-12-at-16.01.28-2-225x300.jpeg\" class=\"attachment-medium size-medium wp-image-295\" alt=\"\" srcset=\"http:\/\/siedlergemeinschaft-cappeln.de\/wp-content\/uploads\/2025\/04\/WhatsApp-Image-2025-04-12-at-16.01.28-2-225x300.jpeg 225w, http:\/\/siedlergemeinschaft-cappeln.de\/wp-content\/uploads\/2025\/04\/WhatsApp-Image-2025-04-12-at-16.01.28-2-768x1024.jpeg 768w, http:\/\/siedlergemeinschaft-cappeln.de\/wp-content\/uploads\/2025\/04\/WhatsApp-Image-2025-04-12-at-16.01.28-2-1152x1536.jpeg 1152w, http:\/\/siedlergemeinschaft-cappeln.de\/wp-content\/uploads\/2025\/04\/WhatsApp-Image-2025-04-12-at-16.01.28-2.jpeg 1200w\" sizes=\"(max-width: 225px) 100vw, 225px\" \/>\t\t\t\t\t\t\t\t\t\t\t\t\t\t\t<\/div>\n\t\t\t\t<\/div>\n\t\t\t\t<div class=\"elementor-element elementor-element-e5dbc89 elementor-widget elementor-widget-text-editor\" data-id=\"e5dbc89\" data-element_type=\"widget\" data-e-type=\"widget\" data-widget_type=\"text-editor.default\">\n\t\t\t\t<div class=\"elementor-widget-container\">\n\t\t\t\t\t\t\t\t\t<p>Als Dankesch\u00f6n f\u00fcr 30 Jahre Siedlergemeinschaft Cappeln erhielt der 1. Vorsitzende Andreas Hackmann eine handgefertigte Schiefertafel als Dankesch\u00f6n.\u00a0<\/p>\t\t\t\t\t\t\t\t<\/div>\n\t\t\t\t<\/div>\n\t\t\t\t\t<\/div>\n\t\t\t\t<\/div>\n\t\t<div class=\"elementor-element elementor-element-72f97794 e-flex e-con-boxed wpr-particle-no wpr-jarallax-no wpr-parallax-no wpr-sticky-section-no wpr-equal-height-no e-con e-parent\" data-id=\"72f97794\" data-element_type=\"container\" data-e-type=\"container\" data-settings=\"{&quot;_ha_eqh_enable&quot;:false}\">\n\t\t\t\t\t<div class=\"e-con-inner\">\n\t\t\t\t<div class=\"elementor-element elementor-element-792a31ec wpr-grid-slider-columns-2 wpr-grid-slider-columns--tablet2 wpr-grid-slider-columns--mobile1 wpr-grid-slider-dots-horizontal wpr-item-styles-inner elementor-widget elementor-widget-wpr-grid\" data-id=\"792a31ec\" data-element_type=\"widget\" data-e-type=\"widget\" data-settings=\"{&quot;layout_slider_amount&quot;:2,&quot;layout_slider_amount_tablet&quot;:2,&quot;layout_slider_amount_mobile&quot;:1,&quot;layout_slides_to_scroll&quot;:1,&quot;layout_slider_loop&quot;:&quot;yes&quot;}\" data-widget_type=\"wpr-grid.default\">\n\t\t\t\t<div class=\"elementor-widget-container\">\n\t\t\t\t\t<section class=\"wpr-grid elementor-clearfix\" dir=\"ltr\" data-slick=\"{&quot;rtl&quot;:false,&quot;infinite&quot;:true,&quot;speed&quot;:700,&quot;arrows&quot;:true,&quot;dots&quot;:true,&quot;autoplay&quot;:false,&quot;autoplaySpeed&quot;:1000,&quot;pauseOnHover&quot;:&quot;&quot;,&quot;prevArrow&quot;:&quot;#wpr-grid-slider-prev-792a31ec&quot;,&quot;nextArrow&quot;:&quot;#wpr-grid-slider-next-792a31ec&quot;,&quot;sliderSlidesToScroll&quot;:1,&quot;lightbox&quot;:{&quot;selector&quot;:&quot;article:not(.slick-cloned) .wpr-grid-image-wrap&quot;,&quot;iframeMaxWidth&quot;:&quot;60%&quot;,&quot;hash&quot;:false,&quot;autoplay&quot;:&quot;true&quot;,&quot;pause&quot;:5000,&quot;progressBar&quot;:&quot;true&quot;,&quot;counter&quot;:&quot;true&quot;,&quot;controls&quot;:&quot;true&quot;,&quot;getCaptionFromTitleOrAlt&quot;:&quot;true&quot;,&quot;thumbnail&quot;:&quot;&quot;,&quot;showThumbByDefault&quot;:&quot;&quot;,&quot;share&quot;:&quot;&quot;,&quot;zoom&quot;:&quot;true&quot;,&quot;fullScreen&quot;:&quot;true&quot;,&quot;download&quot;:&quot;true&quot;}}\"><article class=\"wpr-grid-item elementor-clearfix post-197 post type-post status-publish format-standard has-post-thumbnail hentry category-impressionen category-startseite\"><div class=\"wpr-grid-item-inner\"><div class=\"wpr-grid-media-wrap wpr-effect-size-medium \" data-overlay-link=\"yes\"><div class=\"wpr-grid-image-wrap\" data-src=\"http:\/\/siedlergemeinschaft-cappeln.de\/wp-content\/uploads\/2025\/02\/60Jahre.jpg\" data-img-on-hover=\"\"  data-src-secondary=\"\"><img decoding=\"async\" data-no-lazy=\"1\" src=\"http:\/\/siedlergemeinschaft-cappeln.de\/wp-content\/uploads\/2025\/02\/60Jahre.jpg\" alt=\"Familienfest zum Jubil\u00e4um\" class=\"wpr-anim-timing-ease-default\"><\/div><div class=\"wpr-grid-media-hover wpr-animation-wrap\"><div class=\"wpr-grid-media-hover-bg  wpr-overlay-fade-in wpr-anim-size-large wpr-anim-timing-ease-default wpr-anim-transparency\" data-url=\"http:\/\/siedlergemeinschaft-cappeln.de\/?p=197\"><\/div><\/div><\/div><div class=\"wpr-grid-item-below-content elementor-clearfix\"><h2 class=\"wpr-grid-item-title elementor-repeater-item-fc52c65 wpr-grid-item-display-block wpr-grid-item-align-left wpr-pointer-none wpr-pointer-line-fx wpr-pointer-fx-fade\"><div class=\"inner-block\"><a target=\"_self\"  href=\"http:\/\/siedlergemeinschaft-cappeln.de\/?p=197\">Familienfest zum Jubil\u00e4um<\/a><\/div><\/h2><div class=\"wpr-grid-item-read-more elementor-repeater-item-c523070 wpr-grid-item-display-block wpr-grid-item-align-left\"><div class=\"inner-block\"><a target=\"_self\" href=\"http:\/\/siedlergemeinschaft-cappeln.de\/?p=197\" class=\"wpr-button-effect wpr-button-none\"><span>weiterlesen<\/span><\/a><\/div><\/div><\/div><\/div><\/article><\/section><div class=\"wpr-grid-slider-arrow-container\"><div class=\"wpr-grid-slider-prev-arrow wpr-grid-slider-arrow\" id=\"wpr-grid-slider-prev-792a31ec\"><svg version=\"1.1\" xmlns=\"http:\/\/www.w3.org\/2000\/svg\" xmlns:xlink=\"http:\/\/www.w3.org\/1999\/xlink\" x=\"0px\" y=\"0px\" viewBox=\"0 0 283.4 512\" style=\"enable-background:new 0 0 283.4 512;\" xml:space=\"preserve\"><g><polygon class=\"st0\" points=\"54.5,256.3 283.4,485.1 256.1,512.5 0,256.3 0,256.3 27.2,229 256.1,0 283.4,27.4 \"\/><\/g><\/svg><\/div><div class=\"wpr-grid-slider-next-arrow wpr-grid-slider-arrow\" id=\"wpr-grid-slider-next-792a31ec\"><svg version=\"1.1\" xmlns=\"http:\/\/www.w3.org\/2000\/svg\" xmlns:xlink=\"http:\/\/www.w3.org\/1999\/xlink\" x=\"0px\" y=\"0px\" viewBox=\"0 0 283.4 512\" style=\"enable-background:new 0 0 283.4 512;\" xml:space=\"preserve\"><g><polygon class=\"st0\" points=\"54.5,256.3 283.4,485.1 256.1,512.5 0,256.3 0,256.3 27.2,229 256.1,0 283.4,27.4 \"\/><\/g><\/svg><\/div><\/div><div class=\"wpr-grid-slider-dots\"><\/div>\t\t\t\t<\/div>\n\t\t\t\t<\/div>\n\t\t\t\t\t<\/div>\n\t\t\t\t<\/div>\n\t\t\t\t<\/div>\n\t\t","protected":false},"excerpt":{"rendered":"<p>Veranstaltungen STADTRADELN &#8211; Radeln f\u00fcr ein gutes Klima\u00a0 Beim Wettbewerb STADTRADELN trittst du 21 Tage in die Pedale f\u00fcr mehr<\/p>\n","protected":false},"author":1,"featured_media":0,"parent":0,"menu_order":0,"comment_status":"closed","ping_status":"closed","template":"","meta":{"footnotes":""},"class_list":["post-26","page","type-page","status-publish","hentry"],"yoast_head":"<!-- This site is optimized with the Yoast SEO plugin v27.5 - https:\/\/yoast.com\/product\/yoast-seo-wordpress\/ -->\n<title>Siedlergemeinschaft Cappeln - siedlergemeinschaft-cappeln<\/title>\n<meta name=\"description\" content=\"Siedlergemeinschaft Cappeln\" \/>\n<meta name=\"robots\" content=\"index, follow, max-snippet:-1, max-image-preview:large, max-video-preview:-1\" \/>\n<link rel=\"canonical\" href=\"http:\/\/siedlergemeinschaft-cappeln.de\/\" \/>\n<meta property=\"og:locale\" content=\"de_DE\" \/>\n<meta property=\"og:type\" content=\"article\" \/>\n<meta property=\"og:title\" content=\"Siedlergemeinschaft Cappeln - siedlergemeinschaft-cappeln\" \/>\n<meta property=\"og:description\" content=\"Siedlergemeinschaft Cappeln\" \/>\n<meta property=\"og:url\" content=\"http:\/\/siedlergemeinschaft-cappeln.de\/\" \/>\n<meta property=\"og:site_name\" content=\"siedlergemeinschaft-cappeln\" \/>\n<meta property=\"article:modified_time\" content=\"2025-04-20T09:55:50+00:00\" \/>\n<meta property=\"og:image\" content=\"http:\/\/siedlergemeinschaft-cappeln.de\/wp-content\/uploads\/2025\/04\/WhatsApp-Image-2025-04-20-at-10.37.27-1-scaled.jpeg\" \/>\n\t<meta property=\"og:image:width\" content=\"1886\" \/>\n\t<meta property=\"og:image:height\" content=\"2560\" \/>\n\t<meta property=\"og:image:type\" content=\"image\/jpeg\" \/>\n<meta name=\"twitter:card\" content=\"summary_large_image\" \/>\n<meta name=\"twitter:label1\" content=\"Gesch\u00e4tzte Lesezeit\" \/>\n\t<meta name=\"twitter:data1\" content=\"2\u00a0Minuten\" \/>\n<script type=\"application\/ld+json\" class=\"yoast-schema-graph\">{\"@context\":\"https:\\\/\\\/schema.org\",\"@graph\":[{\"@type\":\"WebPage\",\"@id\":\"http:\\\/\\\/siedlergemeinschaft-cappeln.de\\\/\",\"url\":\"http:\\\/\\\/siedlergemeinschaft-cappeln.de\\\/\",\"name\":\"Siedlergemeinschaft Cappeln - siedlergemeinschaft-cappeln\",\"isPartOf\":{\"@id\":\"http:\\\/\\\/siedlergemeinschaft-cappeln.de\\\/#website\"},\"primaryImageOfPage\":{\"@id\":\"http:\\\/\\\/siedlergemeinschaft-cappeln.de\\\/#primaryimage\"},\"image\":{\"@id\":\"http:\\\/\\\/siedlergemeinschaft-cappeln.de\\\/#primaryimage\"},\"thumbnailUrl\":\"http:\\\/\\\/siedlergemeinschaft-cappeln.de\\\/wp-content\\\/uploads\\\/2025\\\/04\\\/WhatsApp-Image-2025-04-20-at-10.37.27-1-221x300.jpeg\",\"datePublished\":\"2024-04-15T13:13:12+00:00\",\"dateModified\":\"2025-04-20T09:55:50+00:00\",\"description\":\"Siedlergemeinschaft Cappeln\",\"breadcrumb\":{\"@id\":\"http:\\\/\\\/siedlergemeinschaft-cappeln.de\\\/#breadcrumb\"},\"inLanguage\":\"de\",\"potentialAction\":[{\"@type\":\"ReadAction\",\"target\":[\"http:\\\/\\\/siedlergemeinschaft-cappeln.de\\\/\"]}]},{\"@type\":\"ImageObject\",\"inLanguage\":\"de\",\"@id\":\"http:\\\/\\\/siedlergemeinschaft-cappeln.de\\\/#primaryimage\",\"url\":\"http:\\\/\\\/siedlergemeinschaft-cappeln.de\\\/wp-content\\\/uploads\\\/2025\\\/04\\\/WhatsApp-Image-2025-04-20-at-10.37.27-1-scaled.jpeg\",\"contentUrl\":\"http:\\\/\\\/siedlergemeinschaft-cappeln.de\\\/wp-content\\\/uploads\\\/2025\\\/04\\\/WhatsApp-Image-2025-04-20-at-10.37.27-1-scaled.jpeg\",\"width\":1886,\"height\":2560},{\"@type\":\"BreadcrumbList\",\"@id\":\"http:\\\/\\\/siedlergemeinschaft-cappeln.de\\\/#breadcrumb\",\"itemListElement\":[{\"@type\":\"ListItem\",\"position\":1,\"name\":\"Startseite\",\"item\":\"http:\\\/\\\/siedlergemeinschaft-cappeln.de\\\/\"},{\"@type\":\"ListItem\",\"position\":2,\"name\":\"Siedlergemeinschaft Cappeln\"}]},{\"@type\":\"WebSite\",\"@id\":\"http:\\\/\\\/siedlergemeinschaft-cappeln.de\\\/#website\",\"url\":\"http:\\\/\\\/siedlergemeinschaft-cappeln.de\\\/\",\"name\":\"siedlergemeinschaft-cappeln\",\"description\":\"\",\"publisher\":{\"@id\":\"http:\\\/\\\/siedlergemeinschaft-cappeln.de\\\/#organization\"},\"potentialAction\":[{\"@type\":\"SearchAction\",\"target\":{\"@type\":\"EntryPoint\",\"urlTemplate\":\"http:\\\/\\\/siedlergemeinschaft-cappeln.de\\\/?s={search_term_string}\"},\"query-input\":{\"@type\":\"PropertyValueSpecification\",\"valueRequired\":true,\"valueName\":\"search_term_string\"}}],\"inLanguage\":\"de\"},{\"@type\":\"Organization\",\"@id\":\"http:\\\/\\\/siedlergemeinschaft-cappeln.de\\\/#organization\",\"name\":\"siedlergemeinschaft-cappeln\",\"url\":\"http:\\\/\\\/siedlergemeinschaft-cappeln.de\\\/\",\"logo\":{\"@type\":\"ImageObject\",\"inLanguage\":\"de\",\"@id\":\"http:\\\/\\\/siedlergemeinschaft-cappeln.de\\\/#\\\/schema\\\/logo\\\/image\\\/\",\"url\":\"http:\\\/\\\/siedlergemeinschaft-cappeln.de\\\/wp-content\\\/uploads\\\/2024\\\/05\\\/cropped-headermeu-1.jpg\",\"contentUrl\":\"http:\\\/\\\/siedlergemeinschaft-cappeln.de\\\/wp-content\\\/uploads\\\/2024\\\/05\\\/cropped-headermeu-1.jpg\",\"width\":926,\"height\":349,\"caption\":\"siedlergemeinschaft-cappeln\"},\"image\":{\"@id\":\"http:\\\/\\\/siedlergemeinschaft-cappeln.de\\\/#\\\/schema\\\/logo\\\/image\\\/\"}}]}<\/script>\n<!-- \/ Yoast SEO plugin. -->","yoast_head_json":{"title":"Siedlergemeinschaft Cappeln - siedlergemeinschaft-cappeln","description":"Siedlergemeinschaft Cappeln","robots":{"index":"index","follow":"follow","max-snippet":"max-snippet:-1","max-image-preview":"max-image-preview:large","max-video-preview":"max-video-preview:-1"},"canonical":"http:\/\/siedlergemeinschaft-cappeln.de\/","og_locale":"de_DE","og_type":"article","og_title":"Siedlergemeinschaft Cappeln - siedlergemeinschaft-cappeln","og_description":"Siedlergemeinschaft Cappeln","og_url":"http:\/\/siedlergemeinschaft-cappeln.de\/","og_site_name":"siedlergemeinschaft-cappeln","article_modified_time":"2025-04-20T09:55:50+00:00","og_image":[{"width":1886,"height":2560,"url":"http:\/\/siedlergemeinschaft-cappeln.de\/wp-content\/uploads\/2025\/04\/WhatsApp-Image-2025-04-20-at-10.37.27-1-scaled.jpeg","type":"image\/jpeg"}],"twitter_card":"summary_large_image","twitter_misc":{"Gesch\u00e4tzte Lesezeit":"2\u00a0Minuten"},"schema":{"@context":"https:\/\/schema.org","@graph":[{"@type":"WebPage","@id":"http:\/\/siedlergemeinschaft-cappeln.de\/","url":"http:\/\/siedlergemeinschaft-cappeln.de\/","name":"Siedlergemeinschaft Cappeln - siedlergemeinschaft-cappeln","isPartOf":{"@id":"http:\/\/siedlergemeinschaft-cappeln.de\/#website"},"primaryImageOfPage":{"@id":"http:\/\/siedlergemeinschaft-cappeln.de\/#primaryimage"},"image":{"@id":"http:\/\/siedlergemeinschaft-cappeln.de\/#primaryimage"},"thumbnailUrl":"http:\/\/siedlergemeinschaft-cappeln.de\/wp-content\/uploads\/2025\/04\/WhatsApp-Image-2025-04-20-at-10.37.27-1-221x300.jpeg","datePublished":"2024-04-15T13:13:12+00:00","dateModified":"2025-04-20T09:55:50+00:00","description":"Siedlergemeinschaft Cappeln","breadcrumb":{"@id":"http:\/\/siedlergemeinschaft-cappeln.de\/#breadcrumb"},"inLanguage":"de","potentialAction":[{"@type":"ReadAction","target":["http:\/\/siedlergemeinschaft-cappeln.de\/"]}]},{"@type":"ImageObject","inLanguage":"de","@id":"http:\/\/siedlergemeinschaft-cappeln.de\/#primaryimage","url":"http:\/\/siedlergemeinschaft-cappeln.de\/wp-content\/uploads\/2025\/04\/WhatsApp-Image-2025-04-20-at-10.37.27-1-scaled.jpeg","contentUrl":"http:\/\/siedlergemeinschaft-cappeln.de\/wp-content\/uploads\/2025\/04\/WhatsApp-Image-2025-04-20-at-10.37.27-1-scaled.jpeg","width":1886,"height":2560},{"@type":"BreadcrumbList","@id":"http:\/\/siedlergemeinschaft-cappeln.de\/#breadcrumb","itemListElement":[{"@type":"ListItem","position":1,"name":"Startseite","item":"http:\/\/siedlergemeinschaft-cappeln.de\/"},{"@type":"ListItem","position":2,"name":"Siedlergemeinschaft Cappeln"}]},{"@type":"WebSite","@id":"http:\/\/siedlergemeinschaft-cappeln.de\/#website","url":"http:\/\/siedlergemeinschaft-cappeln.de\/","name":"siedlergemeinschaft-cappeln","description":"","publisher":{"@id":"http:\/\/siedlergemeinschaft-cappeln.de\/#organization"},"potentialAction":[{"@type":"SearchAction","target":{"@type":"EntryPoint","urlTemplate":"http:\/\/siedlergemeinschaft-cappeln.de\/?s={search_term_string}"},"query-input":{"@type":"PropertyValueSpecification","valueRequired":true,"valueName":"search_term_string"}}],"inLanguage":"de"},{"@type":"Organization","@id":"http:\/\/siedlergemeinschaft-cappeln.de\/#organization","name":"siedlergemeinschaft-cappeln","url":"http:\/\/siedlergemeinschaft-cappeln.de\/","logo":{"@type":"ImageObject","inLanguage":"de","@id":"http:\/\/siedlergemeinschaft-cappeln.de\/#\/schema\/logo\/image\/","url":"http:\/\/siedlergemeinschaft-cappeln.de\/wp-content\/uploads\/2024\/05\/cropped-headermeu-1.jpg","contentUrl":"http:\/\/siedlergemeinschaft-cappeln.de\/wp-content\/uploads\/2024\/05\/cropped-headermeu-1.jpg","width":926,"height":349,"caption":"siedlergemeinschaft-cappeln"},"image":{"@id":"http:\/\/siedlergemeinschaft-cappeln.de\/#\/schema\/logo\/image\/"}}]}},"_links":{"self":[{"href":"http:\/\/siedlergemeinschaft-cappeln.de\/index.php?rest_route=\/wp\/v2\/pages\/26","targetHints":{"allow":["GET"]}}],"collection":[{"href":"http:\/\/siedlergemeinschaft-cappeln.de\/index.php?rest_route=\/wp\/v2\/pages"}],"about":[{"href":"http:\/\/siedlergemeinschaft-cappeln.de\/index.php?rest_route=\/wp\/v2\/types\/page"}],"author":[{"embeddable":true,"href":"http:\/\/siedlergemeinschaft-cappeln.de\/index.php?rest_route=\/wp\/v2\/users\/1"}],"replies":[{"embeddable":true,"href":"http:\/\/siedlergemeinschaft-cappeln.de\/index.php?rest_route=%2Fwp%2Fv2%2Fcomments&post=26"}],"version-history":[{"count":62,"href":"http:\/\/siedlergemeinschaft-cappeln.de\/index.php?rest_route=\/wp\/v2\/pages\/26\/revisions"}],"predecessor-version":[{"id":345,"href":"http:\/\/siedlergemeinschaft-cappeln.de\/index.php?rest_route=\/wp\/v2\/pages\/26\/revisions\/345"}],"wp:attachment":[{"href":"http:\/\/siedlergemeinschaft-cappeln.de\/index.php?rest_route=%2Fwp%2Fv2%2Fmedia&parent=26"}],"curies":[{"name":"wp","href":"https:\/\/api.w.org\/{rel}","templated":true}]}}