{"id":46,"date":"2024-04-15T13:49:03","date_gmt":"2024-04-15T13:49:03","guid":{"rendered":"http:\/\/siedlergemeinschaft-cappeln.de\/?page_id=46"},"modified":"2024-05-06T20:05:18","modified_gmt":"2024-05-06T20:05:18","slug":"ueber-uns","status":"publish","type":"page","link":"http:\/\/siedlergemeinschaft-cappeln.de\/?page_id=46","title":{"rendered":"\u00dcber uns"},"content":{"rendered":"\t\t<div data-elementor-type=\"wp-page\" data-elementor-id=\"46\" class=\"elementor elementor-46\" data-elementor-settings=\"{&quot;ha_cmc_init_switcher&quot;:&quot;no&quot;}\">\n\t\t\t\t<div class=\"elementor-element elementor-element-e8ef7df e-flex e-con-boxed wpr-particle-no wpr-jarallax-no wpr-parallax-no wpr-sticky-section-no wpr-equal-height-no e-con e-parent\" data-id=\"e8ef7df\" data-element_type=\"container\" data-e-type=\"container\" data-settings=\"{&quot;_ha_eqh_enable&quot;:false}\">\n\t\t\t\t\t<div class=\"e-con-inner\">\n\t\t<div class=\"elementor-element elementor-element-b32fe7c e-con-full e-flex wpr-particle-no wpr-jarallax-no wpr-parallax-no wpr-sticky-section-no wpr-equal-height-no e-con e-child\" data-id=\"b32fe7c\" data-element_type=\"container\" data-e-type=\"container\" data-settings=\"{&quot;_ha_eqh_enable&quot;:false}\">\n\t\t\t\t<div class=\"elementor-element elementor-element-2daf472 elementor-widget elementor-widget-image\" data-id=\"2daf472\" data-element_type=\"widget\" data-e-type=\"widget\" data-widget_type=\"image.default\">\n\t\t\t\t<div class=\"elementor-widget-container\">\n\t\t\t\t\t\t\t\t\t\t\t\t\t\t\t<img fetchpriority=\"high\" decoding=\"async\" width=\"750\" height=\"563\" src=\"http:\/\/siedlergemeinschaft-cappeln.de\/wp-content\/uploads\/2024\/05\/412357568_930792051809124_5695266109384845727_n-1024x768.jpg\" class=\"attachment-large size-large wp-image-135\" alt=\"\" srcset=\"http:\/\/siedlergemeinschaft-cappeln.de\/wp-content\/uploads\/2024\/05\/412357568_930792051809124_5695266109384845727_n-1024x768.jpg 1024w, http:\/\/siedlergemeinschaft-cappeln.de\/wp-content\/uploads\/2024\/05\/412357568_930792051809124_5695266109384845727_n-300x225.jpg 300w, http:\/\/siedlergemeinschaft-cappeln.de\/wp-content\/uploads\/2024\/05\/412357568_930792051809124_5695266109384845727_n-768x576.jpg 768w, http:\/\/siedlergemeinschaft-cappeln.de\/wp-content\/uploads\/2024\/05\/412357568_930792051809124_5695266109384845727_n-1536x1152.jpg 1536w, http:\/\/siedlergemeinschaft-cappeln.de\/wp-content\/uploads\/2024\/05\/412357568_930792051809124_5695266109384845727_n.jpg 2016w\" sizes=\"(max-width: 750px) 100vw, 750px\" \/>\t\t\t\t\t\t\t\t\t\t\t\t\t\t\t<\/div>\n\t\t\t\t<\/div>\n\t\t\t\t<\/div>\n\t\t\t\t\t<\/div>\n\t\t\t\t<\/div>\n\t\t<div class=\"elementor-element elementor-element-e1317c1 e-flex e-con-boxed wpr-particle-no wpr-jarallax-no wpr-parallax-no wpr-sticky-section-no wpr-equal-height-no e-con e-parent\" data-id=\"e1317c1\" data-element_type=\"container\" data-e-type=\"container\" data-settings=\"{&quot;_ha_eqh_enable&quot;:false}\">\n\t\t\t\t\t<div class=\"e-con-inner\">\n\t\t\t\t<div class=\"elementor-element elementor-element-deb882a elementor-widget elementor-widget-text-editor\" data-id=\"deb882a\" data-element_type=\"widget\" data-e-type=\"widget\" data-widget_type=\"text-editor.default\">\n\t\t\t\t<div class=\"elementor-widget-container\">\n\t\t\t\t\t\t\t\t\t<h2 class=\"western\"><span style=\"color: #548d3f;\"><span style=\"font-family: Trebuchet MS, sans-serif;\"><b>SIEDLERGEMEINSCHAFT CAPPELN<\/b><\/span><\/span><\/h2><p><span style=\"color: #7a7a7a;\"><span style=\"font-family: Roboto, sans-serif;\"><span style=\"font-size: medium;\">Die Siedlergemeinschaft Cappeln wurde 1964 von sieben\u00a0 aktiven Kleinsiedlern in Cappeln gegr\u00fcndet.<\/span><\/span><\/span><\/p><p><span style=\"color: #7a7a7a;\">\u00a0<\/span><\/p><p><span style=\"color: #7a7a7a;\"><span style=\"font-family: Roboto, sans-serif;\"><span style=\"font-size: medium;\">August Heckmann wurde von der Kreisgruppe zum 1. Vorsitzenden bestimmt. Zwei Jahre lang baute er mit Erfolg und mit Unterst\u00fctzung der Siedler in der heutigen Haake-Siedlung die Siedlergemeinschaft auf. Die Vorteile einer Mitgliedschaft wurden sehr schnell bekannt, so dass die Mitgliederzahl in den n\u00e4chsten Jahren st\u00e4ndig anstieg.<\/span><\/span><\/span><\/p><p><span style=\"color: #7a7a7a;\">\u00a0<\/span><\/p><p><span style=\"color: #7a7a7a;\"><span style=\"font-family: Roboto, sans-serif;\"><span style=\"font-size: medium;\">1966 \u00fcbernahm Lothar Berger den Vorsitz der Gemeinschaft. Sehr schnell wurde festgestellt, dass der Vorstand alleine nicht alle Arbeiten erledigen kann. So wurde 1967 der Vorstand erweitert. 1968 wurde dann Theo Meyer in den erweiterten Vorstand gew\u00e4hlt. Im Jahre 1969 wurde er Vorsitzender. In den folgenden Jahren bis 1978 bestimmte er die Geschicke der Siedlergemeinschaft in Cappeln.\u00a0<span style=\"font-size: small;\">Viele Vortr\u00e4ge, Lehrg\u00e4nge und Feste wurden seit 1964 durchgef\u00fchrt. Die Gemeinschaft der Siedler wurde immer bekannter und so waren am Ende der Amtszeit von Theo Meyer mehr als 100 Familien Mitglied.\u00a0<\/span><\/span><\/span><\/span><\/p><p><span style=\"color: #7a7a7a;\">\u00a0<\/span><\/p><p><span style=\"color: #7a7a7a;\"><span style=\"font-family: Roboto, sans-serif;\"><span style=\"font-size: small;\">1978 \u00fcbernahm Bernhard Siemer die Leitung. Theo Meyer wurde zum Ehrenvorsitzenden gew\u00e4hlt. Am 04.03.2001 verstarb unser Ehrenvorsitzender leider viel zu fr\u00fch.\u00a0<\/span><\/span><\/span><\/p><p><span style=\"color: #7a7a7a;\">\u00a0<\/span><\/p><p><span style=\"color: #7a7a7a;\"><span style=\"font-family: Roboto, sans-serif;\"><span style=\"font-size: medium;\"><span style=\"font-size: small;\">1986 \u00fcbernahm\u00a0Johann Holzum<\/span>\u00a0 <span style=\"font-size: small;\">nach neun Jahren Mitarbeit im Vorstand das\u00a0Amt des 1. Vorsitzenden.\u00a0 Aufgrund der guten Arbeit der Siedlergemeinschaft Cappeln, hatten wir 2002\u00a0 trotz einiger altersbedingter Austritte eine Mitgliederzahl von \u00fcber 150. Das j\u00fcngstes Mitglied war 25, das \u00e4lteste \u00fcber 90 Jahre alt.\u00a0<\/span><\/span><\/span><\/span><\/p><p><span style=\"color: #7a7a7a;\">\u00a0<span style=\"font-family: Roboto, sans-serif;\"><span style=\"font-size: small;\">2005\u00a0 \u00fcbernahn Martin Vorwerk den Posten des ersten Vorsitzenden.<\/span><\/span><\/span><\/p><p><span style=\"color: #7a7a7a;\"><span style=\"font-family: Roboto, sans-serif;\"><span style=\"font-size: small;\">Seit 2015 hat dieses Amt Christian Nording \u00fcbernommen.\u00a0<\/span><\/span><\/span><\/p><p><span style=\"color: #7a7a7a;\">\u00a0<\/span><\/p><p><span style=\"color: #7a7a7a;\"><span style=\"font-family: Roboto, sans-serif;\"><span style=\"font-size: medium;\"><span style=\"font-size: small;\">Besonders zu bemerken gilt, dass bei allen Veranstaltungen Jung und Alt harmonisch miteinander feiern. Die Siedlergemeinschaft beteiligt sich aktiv am Leben in der Gemeinde. So sie mit St\u00e4nden auf dem Weihnachtsmarkt vertreten und mit Kaffee und Kuchen auf dem Cappelner Kirmes.\u00a0Mit \u201eHau den Lukas\u201c\u00a0 wurden auf dem Kirmes Spenden f\u00fcr die\u00a0 Sozialstation Emstek\/Cappeln eingenommen.\u00a0<\/span><\/span><\/span><\/span><\/p><p><span style=\"color: #7a7a7a;\">\u00a0<\/span><\/p><p><span style=\"color: #7a7a7a;\"><span style=\"font-family: Roboto, sans-serif;\"><span style=\"font-size: small;\">Beim Wettbewerb \u201eDie besten Kleinsiedlungen\u201c nahmen die Cappelner Siedler immer wieder erfolgreich teil. Als letzten Erfolg, ist hier der 3. Platz auf Landesebene der Stormstr. \/Schillerstr. zu nennen.\u00a0 Die Siedlergemeinschaft Cappeln leistet an vor Ort erfolgreiche Arbeit. Junge Familien sind \u00fcberzeugt von den Vorz\u00fcgen einer Mitgliedschaft.\u00a0 Bei den Veranstaltungen\u00a0 erfahren wir nach wie vor immer positive Resonanz. Die Siedlergemeinschaft Cappeln ist aus dem Vereinsleben der Gemeinde nicht mehr weg zu denken.<\/span><\/span><\/span><\/p>\t\t\t\t\t\t\t\t<\/div>\n\t\t\t\t<\/div>\n\t\t\t\t\t<\/div>\n\t\t\t\t<\/div>\n\t\t\t\t<\/div>\n\t\t","protected":false},"excerpt":{"rendered":"<p>SIEDLERGEMEINSCHAFT CAPPELN Die Siedlergemeinschaft Cappeln wurde 1964 von sieben\u00a0 aktiven Kleinsiedlern in Cappeln gegr\u00fcndet. \u00a0 August Heckmann wurde von der<\/p>\n","protected":false},"author":1,"featured_media":0,"parent":26,"menu_order":0,"comment_status":"closed","ping_status":"closed","template":"","meta":{"footnotes":""},"class_list":["post-46","page","type-page","status-publish","hentry"],"yoast_head":"<!-- This site is optimized with the Yoast SEO plugin v27.5 - https:\/\/yoast.com\/product\/yoast-seo-wordpress\/ -->\n<title>\u00dcber uns - siedlergemeinschaft-cappeln<\/title>\n<meta name=\"description\" content=\"Impressionen\" \/>\n<meta name=\"robots\" content=\"index, follow, max-snippet:-1, max-image-preview:large, max-video-preview:-1\" \/>\n<link rel=\"canonical\" href=\"http:\/\/siedlergemeinschaft-cappeln.de\/?page_id=46\" \/>\n<meta property=\"og:locale\" content=\"de_DE\" \/>\n<meta property=\"og:type\" content=\"article\" \/>\n<meta property=\"og:title\" content=\"\u00dcber uns - siedlergemeinschaft-cappeln\" \/>\n<meta property=\"og:description\" content=\"Impressionen\" \/>\n<meta property=\"og:url\" content=\"http:\/\/siedlergemeinschaft-cappeln.de\/?page_id=46\" \/>\n<meta property=\"og:site_name\" content=\"siedlergemeinschaft-cappeln\" \/>\n<meta property=\"article:modified_time\" content=\"2024-05-06T20:05:18+00:00\" \/>\n<meta property=\"og:image\" content=\"http:\/\/siedlergemeinschaft-cappeln.de\/wp-content\/uploads\/2024\/05\/412357568_930792051809124_5695266109384845727_n-1024x768.jpg\" \/>\n<meta name=\"twitter:card\" content=\"summary_large_image\" \/>\n<meta name=\"twitter:label1\" content=\"Gesch\u00e4tzte Lesezeit\" \/>\n\t<meta name=\"twitter:data1\" content=\"3\u00a0Minuten\" \/>\n<script type=\"application\/ld+json\" class=\"yoast-schema-graph\">{\"@context\":\"https:\\\/\\\/schema.org\",\"@graph\":[{\"@type\":\"WebPage\",\"@id\":\"http:\\\/\\\/siedlergemeinschaft-cappeln.de\\\/?page_id=46\",\"url\":\"http:\\\/\\\/siedlergemeinschaft-cappeln.de\\\/?page_id=46\",\"name\":\"\u00dcber uns - siedlergemeinschaft-cappeln\",\"isPartOf\":{\"@id\":\"http:\\\/\\\/siedlergemeinschaft-cappeln.de\\\/#website\"},\"primaryImageOfPage\":{\"@id\":\"http:\\\/\\\/siedlergemeinschaft-cappeln.de\\\/?page_id=46#primaryimage\"},\"image\":{\"@id\":\"http:\\\/\\\/siedlergemeinschaft-cappeln.de\\\/?page_id=46#primaryimage\"},\"thumbnailUrl\":\"http:\\\/\\\/siedlergemeinschaft-cappeln.de\\\/wp-content\\\/uploads\\\/2024\\\/05\\\/412357568_930792051809124_5695266109384845727_n-1024x768.jpg\",\"datePublished\":\"2024-04-15T13:49:03+00:00\",\"dateModified\":\"2024-05-06T20:05:18+00:00\",\"description\":\"Impressionen\",\"breadcrumb\":{\"@id\":\"http:\\\/\\\/siedlergemeinschaft-cappeln.de\\\/?page_id=46#breadcrumb\"},\"inLanguage\":\"de\",\"potentialAction\":[{\"@type\":\"ReadAction\",\"target\":[\"http:\\\/\\\/siedlergemeinschaft-cappeln.de\\\/?page_id=46\"]}]},{\"@type\":\"ImageObject\",\"inLanguage\":\"de\",\"@id\":\"http:\\\/\\\/siedlergemeinschaft-cappeln.de\\\/?page_id=46#primaryimage\",\"url\":\"http:\\\/\\\/siedlergemeinschaft-cappeln.de\\\/wp-content\\\/uploads\\\/2024\\\/05\\\/412357568_930792051809124_5695266109384845727_n.jpg\",\"contentUrl\":\"http:\\\/\\\/siedlergemeinschaft-cappeln.de\\\/wp-content\\\/uploads\\\/2024\\\/05\\\/412357568_930792051809124_5695266109384845727_n.jpg\",\"width\":2016,\"height\":1512},{\"@type\":\"BreadcrumbList\",\"@id\":\"http:\\\/\\\/siedlergemeinschaft-cappeln.de\\\/?page_id=46#breadcrumb\",\"itemListElement\":[{\"@type\":\"ListItem\",\"position\":1,\"name\":\"Startseite\",\"item\":\"http:\\\/\\\/siedlergemeinschaft-cappeln.de\\\/\"},{\"@type\":\"ListItem\",\"position\":2,\"name\":\"Siedlergemeinschaft Cappeln\",\"item\":\"http:\\\/\\\/siedlergemeinschaft-cappeln.de\\\/\"},{\"@type\":\"ListItem\",\"position\":3,\"name\":\"\u00dcber uns\"}]},{\"@type\":\"WebSite\",\"@id\":\"http:\\\/\\\/siedlergemeinschaft-cappeln.de\\\/#website\",\"url\":\"http:\\\/\\\/siedlergemeinschaft-cappeln.de\\\/\",\"name\":\"siedlergemeinschaft-cappeln\",\"description\":\"\",\"publisher\":{\"@id\":\"http:\\\/\\\/siedlergemeinschaft-cappeln.de\\\/#organization\"},\"potentialAction\":[{\"@type\":\"SearchAction\",\"target\":{\"@type\":\"EntryPoint\",\"urlTemplate\":\"http:\\\/\\\/siedlergemeinschaft-cappeln.de\\\/?s={search_term_string}\"},\"query-input\":{\"@type\":\"PropertyValueSpecification\",\"valueRequired\":true,\"valueName\":\"search_term_string\"}}],\"inLanguage\":\"de\"},{\"@type\":\"Organization\",\"@id\":\"http:\\\/\\\/siedlergemeinschaft-cappeln.de\\\/#organization\",\"name\":\"siedlergemeinschaft-cappeln\",\"url\":\"http:\\\/\\\/siedlergemeinschaft-cappeln.de\\\/\",\"logo\":{\"@type\":\"ImageObject\",\"inLanguage\":\"de\",\"@id\":\"http:\\\/\\\/siedlergemeinschaft-cappeln.de\\\/#\\\/schema\\\/logo\\\/image\\\/\",\"url\":\"http:\\\/\\\/siedlergemeinschaft-cappeln.de\\\/wp-content\\\/uploads\\\/2024\\\/05\\\/cropped-headermeu-1.jpg\",\"contentUrl\":\"http:\\\/\\\/siedlergemeinschaft-cappeln.de\\\/wp-content\\\/uploads\\\/2024\\\/05\\\/cropped-headermeu-1.jpg\",\"width\":926,\"height\":349,\"caption\":\"siedlergemeinschaft-cappeln\"},\"image\":{\"@id\":\"http:\\\/\\\/siedlergemeinschaft-cappeln.de\\\/#\\\/schema\\\/logo\\\/image\\\/\"}}]}<\/script>\n<!-- \/ Yoast SEO plugin. -->","yoast_head_json":{"title":"\u00dcber uns - siedlergemeinschaft-cappeln","description":"Impressionen","robots":{"index":"index","follow":"follow","max-snippet":"max-snippet:-1","max-image-preview":"max-image-preview:large","max-video-preview":"max-video-preview:-1"},"canonical":"http:\/\/siedlergemeinschaft-cappeln.de\/?page_id=46","og_locale":"de_DE","og_type":"article","og_title":"\u00dcber uns - siedlergemeinschaft-cappeln","og_description":"Impressionen","og_url":"http:\/\/siedlergemeinschaft-cappeln.de\/?page_id=46","og_site_name":"siedlergemeinschaft-cappeln","article_modified_time":"2024-05-06T20:05:18+00:00","og_image":[{"url":"http:\/\/siedlergemeinschaft-cappeln.de\/wp-content\/uploads\/2024\/05\/412357568_930792051809124_5695266109384845727_n-1024x768.jpg","type":"","width":"","height":""}],"twitter_card":"summary_large_image","twitter_misc":{"Gesch\u00e4tzte Lesezeit":"3\u00a0Minuten"},"schema":{"@context":"https:\/\/schema.org","@graph":[{"@type":"WebPage","@id":"http:\/\/siedlergemeinschaft-cappeln.de\/?page_id=46","url":"http:\/\/siedlergemeinschaft-cappeln.de\/?page_id=46","name":"\u00dcber uns - siedlergemeinschaft-cappeln","isPartOf":{"@id":"http:\/\/siedlergemeinschaft-cappeln.de\/#website"},"primaryImageOfPage":{"@id":"http:\/\/siedlergemeinschaft-cappeln.de\/?page_id=46#primaryimage"},"image":{"@id":"http:\/\/siedlergemeinschaft-cappeln.de\/?page_id=46#primaryimage"},"thumbnailUrl":"http:\/\/siedlergemeinschaft-cappeln.de\/wp-content\/uploads\/2024\/05\/412357568_930792051809124_5695266109384845727_n-1024x768.jpg","datePublished":"2024-04-15T13:49:03+00:00","dateModified":"2024-05-06T20:05:18+00:00","description":"Impressionen","breadcrumb":{"@id":"http:\/\/siedlergemeinschaft-cappeln.de\/?page_id=46#breadcrumb"},"inLanguage":"de","potentialAction":[{"@type":"ReadAction","target":["http:\/\/siedlergemeinschaft-cappeln.de\/?page_id=46"]}]},{"@type":"ImageObject","inLanguage":"de","@id":"http:\/\/siedlergemeinschaft-cappeln.de\/?page_id=46#primaryimage","url":"http:\/\/siedlergemeinschaft-cappeln.de\/wp-content\/uploads\/2024\/05\/412357568_930792051809124_5695266109384845727_n.jpg","contentUrl":"http:\/\/siedlergemeinschaft-cappeln.de\/wp-content\/uploads\/2024\/05\/412357568_930792051809124_5695266109384845727_n.jpg","width":2016,"height":1512},{"@type":"BreadcrumbList","@id":"http:\/\/siedlergemeinschaft-cappeln.de\/?page_id=46#breadcrumb","itemListElement":[{"@type":"ListItem","position":1,"name":"Startseite","item":"http:\/\/siedlergemeinschaft-cappeln.de\/"},{"@type":"ListItem","position":2,"name":"Siedlergemeinschaft Cappeln","item":"http:\/\/siedlergemeinschaft-cappeln.de\/"},{"@type":"ListItem","position":3,"name":"\u00dcber uns"}]},{"@type":"WebSite","@id":"http:\/\/siedlergemeinschaft-cappeln.de\/#website","url":"http:\/\/siedlergemeinschaft-cappeln.de\/","name":"siedlergemeinschaft-cappeln","description":"","publisher":{"@id":"http:\/\/siedlergemeinschaft-cappeln.de\/#organization"},"potentialAction":[{"@type":"SearchAction","target":{"@type":"EntryPoint","urlTemplate":"http:\/\/siedlergemeinschaft-cappeln.de\/?s={search_term_string}"},"query-input":{"@type":"PropertyValueSpecification","valueRequired":true,"valueName":"search_term_string"}}],"inLanguage":"de"},{"@type":"Organization","@id":"http:\/\/siedlergemeinschaft-cappeln.de\/#organization","name":"siedlergemeinschaft-cappeln","url":"http:\/\/siedlergemeinschaft-cappeln.de\/","logo":{"@type":"ImageObject","inLanguage":"de","@id":"http:\/\/siedlergemeinschaft-cappeln.de\/#\/schema\/logo\/image\/","url":"http:\/\/siedlergemeinschaft-cappeln.de\/wp-content\/uploads\/2024\/05\/cropped-headermeu-1.jpg","contentUrl":"http:\/\/siedlergemeinschaft-cappeln.de\/wp-content\/uploads\/2024\/05\/cropped-headermeu-1.jpg","width":926,"height":349,"caption":"siedlergemeinschaft-cappeln"},"image":{"@id":"http:\/\/siedlergemeinschaft-cappeln.de\/#\/schema\/logo\/image\/"}}]}},"_links":{"self":[{"href":"http:\/\/siedlergemeinschaft-cappeln.de\/index.php?rest_route=\/wp\/v2\/pages\/46","targetHints":{"allow":["GET"]}}],"collection":[{"href":"http:\/\/siedlergemeinschaft-cappeln.de\/index.php?rest_route=\/wp\/v2\/pages"}],"about":[{"href":"http:\/\/siedlergemeinschaft-cappeln.de\/index.php?rest_route=\/wp\/v2\/types\/page"}],"author":[{"embeddable":true,"href":"http:\/\/siedlergemeinschaft-cappeln.de\/index.php?rest_route=\/wp\/v2\/users\/1"}],"replies":[{"embeddable":true,"href":"http:\/\/siedlergemeinschaft-cappeln.de\/index.php?rest_route=%2Fwp%2Fv2%2Fcomments&post=46"}],"version-history":[{"count":11,"href":"http:\/\/siedlergemeinschaft-cappeln.de\/index.php?rest_route=\/wp\/v2\/pages\/46\/revisions"}],"predecessor-version":[{"id":141,"href":"http:\/\/siedlergemeinschaft-cappeln.de\/index.php?rest_route=\/wp\/v2\/pages\/46\/revisions\/141"}],"up":[{"embeddable":true,"href":"http:\/\/siedlergemeinschaft-cappeln.de\/index.php?rest_route=\/wp\/v2\/pages\/26"}],"wp:attachment":[{"href":"http:\/\/siedlergemeinschaft-cappeln.de\/index.php?rest_route=%2Fwp%2Fv2%2Fmedia&parent=46"}],"curies":[{"name":"wp","href":"https:\/\/api.w.org\/{rel}","templated":true}]}}